{"id":1308,"date":"2020-11-10T09:00:49","date_gmt":"2020-11-10T08:00:49","guid":{"rendered":"https:\/\/judith-anders.de\/?post_type=portfolio&#038;p=1308"},"modified":"2024-04-24T16:31:26","modified_gmt":"2024-04-24T14:31:26","slug":"accessoires","status":"publish","type":"portfolio","link":"https:\/\/judith-anders.de\/en\/portfolio\/accessoires\/","title":{"rendered":"Accessoires"},"content":{"rendered":"\n<p class=\"has-text-color\" style=\"color:#575757;font-size:14px\">Sende mir gern eine E-Mail mit deinen Produktw\u00fcnschen. Nicht immer sind alle Artikel vorr\u00e4tig und lieferbar. Ich bem\u00fche mich aber nat\u00fcrlich jeder Zeit um eine schnellstm\u00f6gliche Antwort, um Auskunft zu geben, welche St\u00fccke ich auf Lager habe oder zeitnah anfertigen kann.  <\/p>\n\n\n\n<p class=\"has-text-color\" style=\"color:#575757;font-size:14px\">F\u00fcr den sicheren Versand kommen ca. 15\u20ac f\u00fcr eine sichere Transportverpackung und Lieferung hinzu. Vielen Dank f\u00fcr das Verst\u00e4ndnis.<\/p>\n\n\n\n<div class=\"wp-block-columns is-layout-flex wp-container-4 wp-block-columns-is-layout-flex\">\n<div class=\"wp-block-column is-layout-flow wp-block-column-is-layout-flow\">\n<figure class=\"wp-block-image size-large is-style-default\"><img decoding=\"async\" loading=\"lazy\" width=\"900\" height=\"900\" src=\"https:\/\/judith-anders.de\/wp-content\/uploads\/vaio_jewellery_ws-900x900.jpg\" alt=\"\" class=\"wp-image-1309\" srcset=\"https:\/\/judith-anders.de\/wp-content\/uploads\/vaio_jewellery_ws-900x900.jpg 900w, https:\/\/judith-anders.de\/wp-content\/uploads\/vaio_jewellery_ws-300x300.jpg 300w, https:\/\/judith-anders.de\/wp-content\/uploads\/vaio_jewellery_ws-150x150.jpg 150w, https:\/\/judith-anders.de\/wp-content\/uploads\/vaio_jewellery_ws-768x768.jpg 768w, https:\/\/judith-anders.de\/wp-content\/uploads\/vaio_jewellery_ws-85x85.jpg 85w, https:\/\/judith-anders.de\/wp-content\/uploads\/vaio_jewellery_ws.jpg 1333w\" sizes=\"(max-width: 900px) 100vw, 900px\" \/><figcaption class=\"wp-element-caption\"><br><strong>VAIO Ketten<\/strong><br><br>Porzellan-Anh\u00e4ger in wei\u00df kombiniert mit 925er Silber, geschw\u00e4rzt<br><em><strong>auf Anfrage<\/strong><\/em><br><br>95-135\u20ac inkl. Mwst.<br><br><br><br> <br><br><\/figcaption><\/figure>\n<\/div>\n\n\n\n<div class=\"wp-block-column is-layout-flow wp-block-column-is-layout-flow\">\n<figure class=\"wp-block-image size-large is-style-default\"><img decoding=\"async\" loading=\"lazy\" width=\"900\" height=\"900\" src=\"https:\/\/judith-anders.de\/wp-content\/uploads\/vaio_jewellery_s-900x900.jpg\" alt=\"\" class=\"wp-image-1310\" srcset=\"https:\/\/judith-anders.de\/wp-content\/uploads\/vaio_jewellery_s-900x900.jpg 900w, https:\/\/judith-anders.de\/wp-content\/uploads\/vaio_jewellery_s-300x300.jpg 300w, https:\/\/judith-anders.de\/wp-content\/uploads\/vaio_jewellery_s-150x150.jpg 150w, https:\/\/judith-anders.de\/wp-content\/uploads\/vaio_jewellery_s-768x768.jpg 768w, https:\/\/judith-anders.de\/wp-content\/uploads\/vaio_jewellery_s-85x85.jpg 85w, https:\/\/judith-anders.de\/wp-content\/uploads\/vaio_jewellery_s.jpg 1333w\" sizes=\"(max-width: 900px) 100vw, 900px\" \/><figcaption class=\"wp-element-caption\"><br><strong>VAIO Ketten<\/strong><br><br>Porzellan-Anh\u00e4ger in ros\u00e9 kombiniert mit 925er Silber<br><br><em><strong>auf Anfrage<\/strong><\/em><br><br>95-119\u20ac inkl. Mwst. <\/figcaption><\/figure>\n\n\n\n<p><\/p>\n<\/div>\n\n\n\n<div class=\"wp-block-column is-layout-flow wp-block-column-is-layout-flow\">\n<figure class=\"wp-block-image size-large is-style-default\"><img decoding=\"async\" loading=\"lazy\" width=\"900\" height=\"900\" src=\"https:\/\/judith-anders.de\/wp-content\/uploads\/filiello_giorno_ohrstecker-900x900.jpg\" alt=\"\" class=\"wp-image-1311\" srcset=\"https:\/\/judith-anders.de\/wp-content\/uploads\/filiello_giorno_ohrstecker-900x900.jpg 900w, https:\/\/judith-anders.de\/wp-content\/uploads\/filiello_giorno_ohrstecker-300x300.jpg 300w, https:\/\/judith-anders.de\/wp-content\/uploads\/filiello_giorno_ohrstecker-150x150.jpg 150w, https:\/\/judith-anders.de\/wp-content\/uploads\/filiello_giorno_ohrstecker-768x768.jpg 768w, https:\/\/judith-anders.de\/wp-content\/uploads\/filiello_giorno_ohrstecker-85x85.jpg 85w, https:\/\/judith-anders.de\/wp-content\/uploads\/filiello_giorno_ohrstecker.jpg 1333w\" sizes=\"(max-width: 900px) 100vw, 900px\" \/><figcaption class=\"wp-element-caption\"><br><strong>Filiello &#8211; Ohrstecker<\/strong><br><br>exklusive, filigrane Porzellanknoten kombiniert mit 925er Silber<br><em><strong>auf Anfrage<\/strong><\/em><br><br>155\u20ac inkl. Mwst.<\/figcaption><\/figure>\n<\/div>\n<\/div>\n\n\n\n<div class=\"wp-block-columns is-layout-flex wp-container-8 wp-block-columns-is-layout-flex\">\n<div class=\"wp-block-column is-layout-flow wp-block-column-is-layout-flow\">\n<figure class=\"wp-block-image size-large is-style-default\"><img decoding=\"async\" loading=\"lazy\" width=\"900\" height=\"900\" src=\"https:\/\/judith-anders.de\/wp-content\/uploads\/filiello_giorno_collierkette-900x900.jpg\" alt=\"\" class=\"wp-image-1313\" srcset=\"https:\/\/judith-anders.de\/wp-content\/uploads\/filiello_giorno_collierkette-900x900.jpg 900w, https:\/\/judith-anders.de\/wp-content\/uploads\/filiello_giorno_collierkette-300x300.jpg 300w, https:\/\/judith-anders.de\/wp-content\/uploads\/filiello_giorno_collierkette-150x150.jpg 150w, https:\/\/judith-anders.de\/wp-content\/uploads\/filiello_giorno_collierkette-768x768.jpg 768w, https:\/\/judith-anders.de\/wp-content\/uploads\/filiello_giorno_collierkette-85x85.jpg 85w, https:\/\/judith-anders.de\/wp-content\/uploads\/filiello_giorno_collierkette.jpg 1333w\" sizes=\"(max-width: 900px) 100vw, 900px\" \/><figcaption class=\"wp-element-caption\"><br><strong>Filiello &#8211; Omega Collierkette<\/strong><br><br>exklusive, filigrane Porzellanknoten, kombiniert mit 925er Silber<br><br><em><strong>auf Anfrage<\/strong><\/em><br>Silber 159\u20ac inkl. Mwst.  <br><em>Silber vergoldet 189\u20ac<\/em> inkl. Mwst.<\/figcaption><\/figure>\n<\/div>\n\n\n\n<div class=\"wp-block-column is-layout-flow wp-block-column-is-layout-flow\">\n<figure class=\"wp-block-image size-large is-style-default\"><img decoding=\"async\" loading=\"lazy\" width=\"900\" height=\"900\" src=\"https:\/\/judith-anders.de\/wp-content\/uploads\/filiello_oro_s-900x900.jpg\" alt=\"\" class=\"wp-image-1314\" srcset=\"https:\/\/judith-anders.de\/wp-content\/uploads\/filiello_oro_s-900x900.jpg 900w, https:\/\/judith-anders.de\/wp-content\/uploads\/filiello_oro_s-300x300.jpg 300w, https:\/\/judith-anders.de\/wp-content\/uploads\/filiello_oro_s-150x150.jpg 150w, https:\/\/judith-anders.de\/wp-content\/uploads\/filiello_oro_s-768x768.jpg 768w, https:\/\/judith-anders.de\/wp-content\/uploads\/filiello_oro_s-85x85.jpg 85w, https:\/\/judith-anders.de\/wp-content\/uploads\/filiello_oro_s.jpg 1226w\" sizes=\"(max-width: 900px) 100vw, 900px\" \/><figcaption class=\"wp-element-caption\"><br><strong>Filiello &#8211; Ohrstecker<\/strong><br><br>exklusive, filigrane Porzellanknoten, vergoldet und kombiniert mit 925er Silber, geschw\u00e4rzt<br><br><em><strong>auf Anfrage<\/strong><\/em><br>185\u20ac inkl. Mwst. <\/figcaption><\/figure>\n<\/div>\n\n\n\n<div class=\"wp-block-column is-layout-flow wp-block-column-is-layout-flow\">\n<p><\/p>\n<\/div>\n<\/div>\n\n\n\n<div class=\"wp-block-columns is-layout-flex wp-container-12 wp-block-columns-is-layout-flex\">\n<div class=\"wp-block-column is-layout-flow wp-block-column-is-layout-flow\">\n<figure class=\"wp-block-image size-large is-style-default\"><img decoding=\"async\" loading=\"lazy\" width=\"683\" height=\"1024\" src=\"https:\/\/judith-anders.de\/wp-content\/uploads\/DSC08414-683x1024.jpg\" alt=\"\" class=\"wp-image-1774\" srcset=\"https:\/\/judith-anders.de\/wp-content\/uploads\/DSC08414-683x1024.jpg 683w, https:\/\/judith-anders.de\/wp-content\/uploads\/DSC08414-200x300.jpg 200w, https:\/\/judith-anders.de\/wp-content\/uploads\/DSC08414-768x1152.jpg 768w, https:\/\/judith-anders.de\/wp-content\/uploads\/DSC08414-1024x1536.jpg 1024w, https:\/\/judith-anders.de\/wp-content\/uploads\/DSC08414-1365x2048.jpg 1365w, https:\/\/judith-anders.de\/wp-content\/uploads\/DSC08414-scaled.jpg 1707w\" sizes=\"(max-width: 683px) 100vw, 683px\" \/><figcaption class=\"wp-element-caption\"><br><strong>RUCI Kette<\/strong><br><br>Natur zum tragen. Filligrane Details spiegeln sich in best\u00e4ndigen Schmuckst\u00fccken. Porzellananh\u00e4nger Vollguss, kombiniert mit 925er Silber<br><br>Kettenl\u00e4nge geschlossen ca. 29cm<br>Anh\u00e4nger 1,6&#215;2,8cm<br><br><em><strong>derzeit ausverkauft<\/strong><\/em><br>85\u20ac inkl. Mwst.<\/figcaption><\/figure>\n<\/div>\n\n\n\n<div class=\"wp-block-column is-layout-flow wp-block-column-is-layout-flow\">\n<figure class=\"wp-block-image size-large is-style-default\"><img decoding=\"async\" loading=\"lazy\" width=\"683\" height=\"1024\" src=\"https:\/\/judith-anders.de\/wp-content\/uploads\/DSC08429-683x1024.jpg\" alt=\"\" class=\"wp-image-1775\" srcset=\"https:\/\/judith-anders.de\/wp-content\/uploads\/DSC08429-683x1024.jpg 683w, https:\/\/judith-anders.de\/wp-content\/uploads\/DSC08429-200x300.jpg 200w, https:\/\/judith-anders.de\/wp-content\/uploads\/DSC08429-768x1152.jpg 768w, https:\/\/judith-anders.de\/wp-content\/uploads\/DSC08429-1024x1536.jpg 1024w, https:\/\/judith-anders.de\/wp-content\/uploads\/DSC08429-1365x2048.jpg 1365w, https:\/\/judith-anders.de\/wp-content\/uploads\/DSC08429-scaled.jpg 1707w\" sizes=\"(max-width: 683px) 100vw, 683px\" \/><figcaption class=\"wp-element-caption\"><br><strong>PINE Kette<\/strong><br><br>Natur zum tragen. Filligrane Details spiegeln sich in best\u00e4ndigen Schmuckst\u00fccken. Porzellananh\u00e4nger Vollguss, kombiniert mit 925er Silber<br><br>Kettenl\u00e4nge geschlossen ca. 22,5cm<br>Anh\u00e4nger 1,8x3cm<br><br>85\u20ac inkl. Mwst.<\/figcaption><\/figure>\n<\/div>\n\n\n\n<div class=\"wp-block-column is-layout-flow wp-block-column-is-layout-flow\">\n<figure class=\"wp-block-image size-large is-style-default\"><img decoding=\"async\" loading=\"lazy\" width=\"683\" height=\"1024\" src=\"https:\/\/judith-anders.de\/wp-content\/uploads\/DSC08423-683x1024.jpg\" alt=\"\" class=\"wp-image-1776\" srcset=\"https:\/\/judith-anders.de\/wp-content\/uploads\/DSC08423-683x1024.jpg 683w, https:\/\/judith-anders.de\/wp-content\/uploads\/DSC08423-200x300.jpg 200w, https:\/\/judith-anders.de\/wp-content\/uploads\/DSC08423-768x1152.jpg 768w, https:\/\/judith-anders.de\/wp-content\/uploads\/DSC08423-1024x1536.jpg 1024w, https:\/\/judith-anders.de\/wp-content\/uploads\/DSC08423-1365x2048.jpg 1365w, https:\/\/judith-anders.de\/wp-content\/uploads\/DSC08423-scaled.jpg 1707w\" sizes=\"(max-width: 683px) 100vw, 683px\" \/><figcaption class=\"wp-element-caption\"><br><strong>PINE Kette<\/strong><br><br>Natur zum tragen. Filligrane Details spiegeln sich in best\u00e4ndigen Schmuckst\u00fccken. Porzellananh\u00e4nger Vollguss, kombiniert mit 925er Silber<br><br>Kettenl\u00e4nge geschlossen ca. 21cm<br>Anh\u00e4nger 2,5&#215;3,5cm<br><br>75\u20ac inkl. Mwst.<\/figcaption><\/figure>\n<\/div>\n<\/div>\n\n\n\n<div class=\"wp-block-columns is-layout-flex wp-container-16 wp-block-columns-is-layout-flex\">\n<div class=\"wp-block-column is-layout-flow wp-block-column-is-layout-flow\">\n<figure class=\"wp-block-image size-large is-style-default\"><img decoding=\"async\" loading=\"lazy\" width=\"683\" height=\"1024\" src=\"https:\/\/judith-anders.de\/wp-content\/uploads\/DSC08493-683x1024.jpg\" alt=\"\" class=\"wp-image-1781\" srcset=\"https:\/\/judith-anders.de\/wp-content\/uploads\/DSC08493-683x1024.jpg 683w, https:\/\/judith-anders.de\/wp-content\/uploads\/DSC08493-200x300.jpg 200w, https:\/\/judith-anders.de\/wp-content\/uploads\/DSC08493-768x1152.jpg 768w, https:\/\/judith-anders.de\/wp-content\/uploads\/DSC08493-1024x1536.jpg 1024w, https:\/\/judith-anders.de\/wp-content\/uploads\/DSC08493-1366x2048.jpg 1366w, https:\/\/judith-anders.de\/wp-content\/uploads\/DSC08493-scaled.jpg 1707w\" sizes=\"(max-width: 683px) 100vw, 683px\" \/><\/figure>\n<\/div>\n\n\n\n<div class=\"wp-block-column is-layout-flow wp-block-column-is-layout-flow\">\n<figure class=\"wp-block-image size-large is-style-default\"><img decoding=\"async\" loading=\"lazy\" width=\"683\" height=\"1024\" src=\"https:\/\/judith-anders.de\/wp-content\/uploads\/DSC08378-683x1024.jpg\" alt=\"\" class=\"wp-image-1782\" srcset=\"https:\/\/judith-anders.de\/wp-content\/uploads\/DSC08378-683x1024.jpg 683w, https:\/\/judith-anders.de\/wp-content\/uploads\/DSC08378-200x300.jpg 200w, https:\/\/judith-anders.de\/wp-content\/uploads\/DSC08378-768x1152.jpg 768w, https:\/\/judith-anders.de\/wp-content\/uploads\/DSC08378-1024x1536.jpg 1024w, https:\/\/judith-anders.de\/wp-content\/uploads\/DSC08378-1365x2048.jpg 1365w, https:\/\/judith-anders.de\/wp-content\/uploads\/DSC08378-scaled.jpg 1707w\" sizes=\"(max-width: 683px) 100vw, 683px\" \/><\/figure>\n<\/div>\n\n\n\n<div class=\"wp-block-column is-layout-flow wp-block-column-is-layout-flow\">\n<p><strong>LEAF Ohrh\u00e4nger<\/strong><\/p>\n\n\n\n<p>Natur zum tragen. Filligrane Details spiegeln sich in best\u00e4ndigen Schmuckst\u00fccken. <br>Porzellan kombiniert mit 925er Silber <br><br>65\u20ac inkl. Mwst. <br><em><strong>auf Anfrage<\/strong><\/em><\/p>\n<\/div>\n<\/div>\n","protected":false},"excerpt":{"rendered":"<p>Sende mir gern eine E-Mail mit deinen Produktw\u00fcnschen. Nicht immer sind alle Artikel vorr\u00e4tig und lieferbar. Ich bem\u00fche mich aber nat\u00fcrlich jeder Zeit um eine schnellstm\u00f6gliche Antwort, um Auskunft zu geben, welche St\u00fccke ich auf Lager habe oder zeitnah anfertigen kann. F\u00fcr den sicheren Versand kommen ca. 15\u20ac f\u00fcr eine sichere Transportverpackung und Lieferung hinzu. [&hellip;]<\/p>\n","protected":false},"featured_media":1313,"template":"","filters":[60],"translation":{"provider":"WPGlobus","version":"3.0.1","language":"en","enabled_languages":["de","en"],"languages":{"de":{"title":true,"content":true,"excerpt":false},"en":{"title":false,"content":false,"excerpt":false}}},"_links":{"self":[{"href":"https:\/\/judith-anders.de\/en\/wp-json\/wp\/v2\/portfolio\/1308"}],"collection":[{"href":"https:\/\/judith-anders.de\/en\/wp-json\/wp\/v2\/portfolio"}],"about":[{"href":"https:\/\/judith-anders.de\/en\/wp-json\/wp\/v2\/types\/portfolio"}],"version-history":[{"count":26,"href":"https:\/\/judith-anders.de\/en\/wp-json\/wp\/v2\/portfolio\/1308\/revisions"}],"predecessor-version":[{"id":2399,"href":"https:\/\/judith-anders.de\/en\/wp-json\/wp\/v2\/portfolio\/1308\/revisions\/2399"}],"wp:featuredmedia":[{"embeddable":true,"href":"https:\/\/judith-anders.de\/en\/wp-json\/wp\/v2\/media\/1313"}],"wp:attachment":[{"href":"https:\/\/judith-anders.de\/en\/wp-json\/wp\/v2\/media?parent=1308"}],"wp:term":[{"taxonomy":"filters","embeddable":true,"href":"https:\/\/judith-anders.de\/en\/wp-json\/wp\/v2\/filters?post=1308"}],"curies":[{"name":"wp","href":"https:\/\/api.w.org\/{rel}","templated":true}]}}